{"id":16500,"date":"2020-06-02T12:09:41","date_gmt":"2020-06-02T12:09:41","guid":{"rendered":"https:\/\/rntl.ch\/bike\/?page_id=16500"},"modified":"2020-06-24T09:21:09","modified_gmt":"2020-06-24T07:21:09","slug":"mietvertrag","status":"publish","type":"page","link":"https:\/\/rntl.ch\/bike\/mietvertrag\/","title":{"rendered":"Mietvertrag"},"content":{"rendered":"\n<p class=\"has-medium-font-size\">Dieser Mietvertrag wir bei der Akzeptierung der AGBs automatisch zwischen dem Mieter und dem RNTL Fachhandelspartner (Vermieterin) abgeschlossen. RNTL ist nicht am Mietvertrag beteiligt. <\/p>\n\n\n\n<p class=\"has-medium-font-size\"><strong>1. Anwendungsbereich<\/strong><\/p>\n\n\n\n<p class=\"has-medium-font-size\">Die Dienstleistungen werden von einem auf RNTL.ch aufgelistet Fachhandelpartner (nachfolgend Vermieterin genannt) erbracht, der Eigent\u00fcmerin der Mietartikel ist. Die Allgemeinen Mietbedingungen bilden einen integrierenden Bestandteil des Mietvertrages. Bei dessen Unterzeichnung best\u00e4tigt der Mieter, diese Mietbedingungen gelesen zu haben und sie bedingungslos zu akzeptieren:<\/p>\n\n\n\n<p class=\"has-medium-font-size\"><strong>2. \u00dcbernahme Mietartikel<\/strong><\/p>\n\n\n\n<p class=\"has-medium-font-size\">Der Mieter \u00fcbernimmt das Material in betrieb in sicherem und sauberem Zustand. Der Mieter ist verpflichtet, das Material Antritt auf erkennbare Sch\u00e4den zu \u00fcberpr\u00fcfen und die Funktionsf\u00e4higkeit zu testen. Der Mieter hat sich mit einem offiziellen Dokument auszuweisen (Personalausweis, Identit\u00e4tskarte, GA, \u00bd-Tax-Abo, F\u00fchrerschein).<\/p>\n\n\n\n<p class=\"has-medium-font-size\"><strong>3. Nutzung und Einschr\u00e4nkung<\/strong><\/p>\n\n\n\n<p class=\"has-medium-font-size\">Der Mieter verpflichtet sich, die Gesetzgebung einzuhalten und das Mietobjekt sowie allf\u00e4lliges Zubeh\u00f6r sachgem\u00e4ss und sorgf\u00e4ltig zu nutzen. Der Mieter ist verantwortlich f\u00fcr alle Sch\u00e4den, welche sich aus Nachl\u00e4ssigkeit oder unsachgem\u00e4ssem Gebrauch des Mietobjekts an demselben oder aber an Drittobjekten ergeben. Nicht zul\u00e4ssig ist jegliche Zweckentfremdung.<\/p>\n\n\n\n<p class=\"has-medium-font-size\"><strong>4. R\u00fcckgabe<\/strong><\/p>\n\n\n\n<p class=\"has-medium-font-size\">Das Mietobjekt, sowie s\u00e4mtliches zus\u00e4tzlich gemietetes oder von der Vermieterin zur Verf\u00fcgung gestelltes Zubeh\u00f6r m\u00fcssen der Vermieterin bei der Fahrzeugr\u00fcckgabe vollst\u00e4ndig und in einwandfreiem Zustand zur\u00fcckgegeben werden. Verlust oder Besch\u00e4digung wird dem Mieter in Rechnung gestellt.<\/p>\n\n\n\n<p class=\"has-medium-font-size\"><strong>5. Allgemeines Mindestalter<\/strong><\/p>\n\n\n\n<p class=\"has-medium-font-size\">Kinder und Jugendliche unter 16 Jahren m\u00fcssen in Begleitung einer erwachsenen Person sein. An Kinder und Jugendliche unter 16 Jahren, die nicht in Begleitung einer erwachsenen Person sind, d\u00fcrfen nur mit schriftlicher Bewilligung der Eltern oder des Vormundes abgegeben werden.<\/p>\n\n\n\n<p class=\"has-medium-font-size\"><strong>5.2 Gesetzliche Bestimmung E-Bike<\/strong><\/p>\n\n\n\n<p class=\"has-medium-font-size\">Das Mindestalter f\u00fcr Lenker eines E-Bikes mit einer Unterst\u00fctzung bis max. 25 km\/h ist von Gesetzes wegen 16 Jahre. (Art. 5 Abs. 2 Bst. d VZV und Art. 6 Abs. 1 Bst. f VZV). Zwischen 14 und 16 Jahren ist ein F\u00fchrerausweis der Kategorie M erforderlich (Art. 3 Abs. 3 VZV).<\/p>\n\n\n\n<p class=\"has-medium-font-size\">F\u00fcr die Miete eines 45km\/h ist mindestens ein F\u00fchrerausweis der Kat. M erforderlich (oder Autofahrausweis). Das Tragen eines Helmes ist obligatorisch.<\/p>\n\n\n\n<p class=\"has-medium-font-size\"><strong>5.3 Gesetzliche Bestimmungen Boote (Binnenschifffahrtsgesetz)<\/strong><\/p>\n\n\n\n<p class=\"has-medium-font-size\">Gew\u00e4sser Signalisationen kennen. Alkohol &amp; Drogenkonsum geh\u00f6ren nicht aufs Wasser.<\/p>\n\n\n\n<p class=\"has-medium-font-size\">See: Schwimmwestenpflicht ab 300m (\u00e4ussere Uferzone) Abstand 25m zu Ufern mit Schilf und Seerosen. Gelbe und weisse Bojen-Linien am Ufer d\u00fcrfen nicht befahren werden. (Badezonen\/Naturschutzzonen)<\/p>\n\n\n\n<p class=\"has-medium-font-size\">Fluss: Boote nie zusammenbinden, da Man\u00f6vrierunf\u00e4hig. Geeignete Schwimmwesten tragen. Tragen sie sorge zur Natur. Nehmen sie den Abfall wieder mit.<\/p>\n\n\n\n<p class=\"has-medium-font-size\"><strong>6. Haftung und Versicherung<\/strong><\/p>\n\n\n\n<p class=\"has-medium-font-size\"><strong>6.1 Unfall- sowie Sach- und Haftpflichtversicherung<\/strong><\/p>\n\n\n\n<p class=\"has-medium-font-size\">Die Versicherung ist Sache des Mieters. Der Mieter best\u00e4tigt mit dem Abschluss des Mietvertrages, \u00fcber eine Haftpflichtversicherung und damit eine ausreichende Abdeckung der Risiken zu verf\u00fcgen. Die Haftung erstreckt sich auch auf Schadenskosten wie Sachverst\u00e4ndigenkosten, Wertminderung, Reparatur- oder Mietausfallkosten.<\/p>\n\n\n\n<p class=\"has-medium-font-size\"><strong>6.2 Defekte w\u00e4hrend Mietdauer<\/strong><\/p>\n\n\n\n<p class=\"has-medium-font-size\">Bei Defekten w\u00e4hrend der Mietdauer kann das Mietobjekt gegen ein gleichwertiges ausgetauscht werden. Ist keine Vermietstelle in der N\u00e4he oder kein Ersatz verf\u00fcgbar, kann der Mieter mit Einwilligung von der Vermieterin den defekt beim n\u00e4chsten Fachh\u00e4ndler beheben lassen. Die Reparaturkosten k\u00f6nnen gegen Beleg bei der Vermieterin eingefordert werden.&nbsp;<\/p>\n\n\n\n<p class=\"has-medium-font-size\"><strong>6.3 Sch\u00e4den, Diebstahl und Verlust<\/strong><\/p>\n\n\n\n<p class=\"has-medium-font-size\">Der Mieter hat die Pflicht, dem Vermieter aufgetretene Sch\u00e4den und Verluste zu melden.<\/p>\n\n\n\n<p class=\"has-medium-font-size\">Der Mieter haftet f\u00fcr alle dem Mietobjekt und seinem Zubeh\u00f6r w\u00e4hrend der Mietdauer zugef\u00fcgten Besch\u00e4digungen. Bei Diebstahl oder Verlust des Mietobjekts oder des Zubeh\u00f6rs w\u00e4hrend der Mietdauer haftet der Mieter. Das Mietobjekt ist grunds\u00e4tzlich immer zu sichern. \u00dcbergibt der Mieter den Mietartikel an Dritte, so haftet er grunds\u00e4tzlich f\u00fcr Sch\u00e4den und Folgesch\u00e4den, die durch Dritte verursacht werden.<\/p>\n\n\n\n<p class=\"has-medium-font-size\"><strong>6.4 Unf\u00e4lle<\/strong><\/p>\n\n\n\n<p class=\"has-medium-font-size\">Unf\u00e4lle, St\u00fcrze und Defekte mit Sachschaden sind in jedem Fall der Vermieterin umgehend zu melden. Kommen Personen zu Schaden und\/oder entsteht Sachschaden an Dritten oder ist ein Dritter als m\u00f6glicher (Mit-)Verursacher beteiligt, ist umgehend die Polizei einzuschalten und ein Unfallprotokoll auszuf\u00fcllen. Eine Kopie davon ist an uns zu senden.<\/p>\n\n\n\n<p class=\"has-medium-font-size\"><strong>7. SCHLUSSBESTIMMUNGEN<\/strong><\/p>\n\n\n\n<p class=\"has-medium-font-size\"><strong>7.1 Haftung der Anbieterin<\/strong><\/p>\n\n\n\n<p class=\"has-medium-font-size\">Die Vermieterin \u00fcbernimmt keinerlei Verantwortung und schliesst jede Haftung aus f\u00fcr Sch\u00e4den, die der Kunde aus der Abwicklung dieses Vertrages erleidet, es sei denn, der Anbieterin kann Vors\u00e4tzlichkeit oder Grobfahrl\u00e4ssigkeit nachgewiesen werden.<\/p>\n\n\n\n<p class=\"has-medium-font-size\">Die Haftung der Vermieterin f\u00fcr indirekte Sch\u00e4den, Folgesch\u00e4den, Drittsch\u00e4den und entgangenen Gewinn ist generell ausgeschlossen.<\/p>\n\n\n\n<p class=\"has-medium-font-size\"><strong>7.2 Haftung des Kunden<\/strong><\/p>\n\n\n\n<p class=\"has-medium-font-size\">Der Kunde haftet in erster Linie gem\u00e4ss den in diesen AGB enthaltenen Vorschriften und subsidi\u00e4r nach den gesetzlichen Regeln, wenn er das Mietfahrzeug besch\u00e4digt, nicht ordentlich zur\u00fcckgibt oder entwendet oder seine Pflichten aus den AGB verletzt hat. Die Haftung des Kunden erstreckt sich auch auf die Schadennebenkosten wie z.B. Sachverst\u00e4ndigenkosten, Reparaturkosten oder Nutzungsausfall.<\/p>\n\n\n\n<p class=\"has-medium-font-size\"><strong>7.3 Versicherung<\/strong><\/p>\n\n\n\n<p class=\"has-medium-font-size\">Die Versicherung (Unfall und Sach- &amp; Privathaftpflicht) ist Sache des Kunden.<\/p>\n\n\n\n<p class=\"has-medium-font-size\"><strong>7.4 Anwendbares Recht und Gerichtsstand<\/strong><\/p>\n\n\n\n<p class=\"has-medium-font-size\">Dieser Vertrag untersteht Schweizerischem Recht. Ausschliesslicher Gerichtsstand ist Besenb\u00fcren (AG). Stand: Besenb\u00fcren, Juni 2020<\/p>\n","protected":false},"excerpt":{"rendered":"<p>Dieser Mietvertrag wir bei der Akzeptierung der AGBs automatisch zwischen dem Mieter und dem RNTL Fachhandelspartner (Vermieterin) abgeschlossen. RNTL ist nicht am Mietvertrag beteiligt. 1. Anwendungsbereich Die Dienstleistungen werden von einem auf RNTL.ch aufgelistet Fachhandelpartner (nachfolgend Vermieterin genannt) erbracht, der Eigent\u00fcmerin der Mietartikel ist. Die Allgemeinen Mietbedingungen bilden einen integrierenden Bestandteil des Mietvertrages. Bei dessen [&hellip;]<\/p>\n","protected":false},"author":4,"featured_media":0,"parent":0,"menu_order":0,"comment_status":"closed","ping_status":"closed","template":"template-fullwidth.php","meta":{"footnotes":""},"class_list":["post-16500","page","type-page","status-publish","hentry"],"yoast_head":"<!-- This site is optimized with the Yoast SEO plugin v26.3 - https:\/\/yoast.com\/wordpress\/plugins\/seo\/ -->\n<title>Mietvertrag - RNTL Bike<\/title>\n<meta name=\"robots\" content=\"index, follow, max-snippet:-1, max-image-preview:large, max-video-preview:-1\" \/>\n<link rel=\"canonical\" href=\"https:\/\/rntl.ch\/bike\/mietvertrag\/\" \/>\n<meta property=\"og:locale\" content=\"de_DE\" \/>\n<meta property=\"og:type\" content=\"article\" \/>\n<meta property=\"og:title\" content=\"Mietvertrag - RNTL Bike\" \/>\n<meta property=\"og:description\" content=\"Dieser Mietvertrag wir bei der Akzeptierung der AGBs automatisch zwischen dem Mieter und dem RNTL Fachhandelspartner (Vermieterin) abgeschlossen. RNTL ist nicht am Mietvertrag beteiligt. 1. Anwendungsbereich Die Dienstleistungen werden von einem auf RNTL.ch aufgelistet Fachhandelpartner (nachfolgend Vermieterin genannt) erbracht, der Eigent\u00fcmerin der Mietartikel ist. Die Allgemeinen Mietbedingungen bilden einen integrierenden Bestandteil des Mietvertrages. Bei dessen [&hellip;]\" \/>\n<meta property=\"og:url\" content=\"https:\/\/rntl.ch\/bike\/mietvertrag\/\" \/>\n<meta property=\"og:site_name\" content=\"RNTL Bike\" \/>\n<meta property=\"article:modified_time\" content=\"2020-06-24T07:21:09+00:00\" \/>\n<meta name=\"twitter:card\" content=\"summary_large_image\" \/>\n<meta name=\"twitter:label1\" content=\"Gesch\u00e4tzte Lesezeit\" \/>\n\t<meta name=\"twitter:data1\" content=\"4\u00a0Minuten\" \/>\n<script type=\"application\/ld+json\" class=\"yoast-schema-graph\">{\"@context\":\"https:\/\/schema.org\",\"@graph\":[{\"@type\":\"WebPage\",\"@id\":\"https:\/\/rntl.ch\/bike\/mietvertrag\/\",\"url\":\"https:\/\/rntl.ch\/bike\/mietvertrag\/\",\"name\":\"Mietvertrag - RNTL Bike\",\"isPartOf\":{\"@id\":\"https:\/\/rntl.ch\/bike\/#website\"},\"datePublished\":\"2020-06-02T12:09:41+00:00\",\"dateModified\":\"2020-06-24T07:21:09+00:00\",\"breadcrumb\":{\"@id\":\"https:\/\/rntl.ch\/bike\/mietvertrag\/#breadcrumb\"},\"inLanguage\":\"de-CH\",\"potentialAction\":[{\"@type\":\"ReadAction\",\"target\":[\"https:\/\/rntl.ch\/bike\/mietvertrag\/\"]}]},{\"@type\":\"BreadcrumbList\",\"@id\":\"https:\/\/rntl.ch\/bike\/mietvertrag\/#breadcrumb\",\"itemListElement\":[{\"@type\":\"ListItem\",\"position\":1,\"name\":\"Startseite\",\"item\":\"https:\/\/rntl.ch\/bike\/\"},{\"@type\":\"ListItem\",\"position\":2,\"name\":\"Mietvertrag\"}]},{\"@type\":\"WebSite\",\"@id\":\"https:\/\/rntl.ch\/bike\/#website\",\"url\":\"https:\/\/rntl.ch\/bike\/\",\"name\":\"RNTL Bike\",\"description\":\"Mieten Einfach Anders\",\"publisher\":{\"@id\":\"https:\/\/rntl.ch\/bike\/#organization\"},\"potentialAction\":[{\"@type\":\"SearchAction\",\"target\":{\"@type\":\"EntryPoint\",\"urlTemplate\":\"https:\/\/rntl.ch\/bike\/?s={search_term_string}\"},\"query-input\":{\"@type\":\"PropertyValueSpecification\",\"valueRequired\":true,\"valueName\":\"search_term_string\"}}],\"inLanguage\":\"de-CH\"},{\"@type\":\"Organization\",\"@id\":\"https:\/\/rntl.ch\/bike\/#organization\",\"name\":\"RNTL Bike\",\"url\":\"https:\/\/rntl.ch\/bike\/\",\"logo\":{\"@type\":\"ImageObject\",\"inLanguage\":\"de-CH\",\"@id\":\"https:\/\/rntl.ch\/bike\/#\/schema\/logo\/image\/\",\"url\":\"https:\/\/rntl.ch\/bike\/wp-content\/uploads\/sites\/2\/2020\/11\/cropped-rntl_logo_white_530x150.png\",\"contentUrl\":\"https:\/\/rntl.ch\/bike\/wp-content\/uploads\/sites\/2\/2020\/11\/cropped-rntl_logo_white_530x150.png\",\"width\":530,\"height\":150,\"caption\":\"RNTL Bike\"},\"image\":{\"@id\":\"https:\/\/rntl.ch\/bike\/#\/schema\/logo\/image\/\"}}]}<\/script>\n<!-- \/ Yoast SEO plugin. -->","yoast_head_json":{"title":"Mietvertrag - RNTL Bike","robots":{"index":"index","follow":"follow","max-snippet":"max-snippet:-1","max-image-preview":"max-image-preview:large","max-video-preview":"max-video-preview:-1"},"canonical":"https:\/\/rntl.ch\/bike\/mietvertrag\/","og_locale":"de_DE","og_type":"article","og_title":"Mietvertrag - RNTL Bike","og_description":"Dieser Mietvertrag wir bei der Akzeptierung der AGBs automatisch zwischen dem Mieter und dem RNTL Fachhandelspartner (Vermieterin) abgeschlossen. RNTL ist nicht am Mietvertrag beteiligt. 1. Anwendungsbereich Die Dienstleistungen werden von einem auf RNTL.ch aufgelistet Fachhandelpartner (nachfolgend Vermieterin genannt) erbracht, der Eigent\u00fcmerin der Mietartikel ist. Die Allgemeinen Mietbedingungen bilden einen integrierenden Bestandteil des Mietvertrages. Bei dessen [&hellip;]","og_url":"https:\/\/rntl.ch\/bike\/mietvertrag\/","og_site_name":"RNTL Bike","article_modified_time":"2020-06-24T07:21:09+00:00","twitter_card":"summary_large_image","twitter_misc":{"Gesch\u00e4tzte Lesezeit":"4\u00a0Minuten"},"schema":{"@context":"https:\/\/schema.org","@graph":[{"@type":"WebPage","@id":"https:\/\/rntl.ch\/bike\/mietvertrag\/","url":"https:\/\/rntl.ch\/bike\/mietvertrag\/","name":"Mietvertrag - RNTL Bike","isPartOf":{"@id":"https:\/\/rntl.ch\/bike\/#website"},"datePublished":"2020-06-02T12:09:41+00:00","dateModified":"2020-06-24T07:21:09+00:00","breadcrumb":{"@id":"https:\/\/rntl.ch\/bike\/mietvertrag\/#breadcrumb"},"inLanguage":"de-CH","potentialAction":[{"@type":"ReadAction","target":["https:\/\/rntl.ch\/bike\/mietvertrag\/"]}]},{"@type":"BreadcrumbList","@id":"https:\/\/rntl.ch\/bike\/mietvertrag\/#breadcrumb","itemListElement":[{"@type":"ListItem","position":1,"name":"Startseite","item":"https:\/\/rntl.ch\/bike\/"},{"@type":"ListItem","position":2,"name":"Mietvertrag"}]},{"@type":"WebSite","@id":"https:\/\/rntl.ch\/bike\/#website","url":"https:\/\/rntl.ch\/bike\/","name":"RNTL Bike","description":"Mieten Einfach Anders","publisher":{"@id":"https:\/\/rntl.ch\/bike\/#organization"},"potentialAction":[{"@type":"SearchAction","target":{"@type":"EntryPoint","urlTemplate":"https:\/\/rntl.ch\/bike\/?s={search_term_string}"},"query-input":{"@type":"PropertyValueSpecification","valueRequired":true,"valueName":"search_term_string"}}],"inLanguage":"de-CH"},{"@type":"Organization","@id":"https:\/\/rntl.ch\/bike\/#organization","name":"RNTL Bike","url":"https:\/\/rntl.ch\/bike\/","logo":{"@type":"ImageObject","inLanguage":"de-CH","@id":"https:\/\/rntl.ch\/bike\/#\/schema\/logo\/image\/","url":"https:\/\/rntl.ch\/bike\/wp-content\/uploads\/sites\/2\/2020\/11\/cropped-rntl_logo_white_530x150.png","contentUrl":"https:\/\/rntl.ch\/bike\/wp-content\/uploads\/sites\/2\/2020\/11\/cropped-rntl_logo_white_530x150.png","width":530,"height":150,"caption":"RNTL Bike"},"image":{"@id":"https:\/\/rntl.ch\/bike\/#\/schema\/logo\/image\/"}}]}},"_links":{"self":[{"href":"https:\/\/rntl.ch\/bike\/wp-json\/wp\/v2\/pages\/16500","targetHints":{"allow":["GET"]}}],"collection":[{"href":"https:\/\/rntl.ch\/bike\/wp-json\/wp\/v2\/pages"}],"about":[{"href":"https:\/\/rntl.ch\/bike\/wp-json\/wp\/v2\/types\/page"}],"author":[{"embeddable":true,"href":"https:\/\/rntl.ch\/bike\/wp-json\/wp\/v2\/users\/4"}],"replies":[{"embeddable":true,"href":"https:\/\/rntl.ch\/bike\/wp-json\/wp\/v2\/comments?post=16500"}],"version-history":[{"count":8,"href":"https:\/\/rntl.ch\/bike\/wp-json\/wp\/v2\/pages\/16500\/revisions"}],"predecessor-version":[{"id":17470,"href":"https:\/\/rntl.ch\/bike\/wp-json\/wp\/v2\/pages\/16500\/revisions\/17470"}],"wp:attachment":[{"href":"https:\/\/rntl.ch\/bike\/wp-json\/wp\/v2\/media?parent=16500"}],"curies":[{"name":"wp","href":"https:\/\/api.w.org\/{rel}","templated":true}]}}