{"id":4557,"date":"2019-11-25T20:32:43","date_gmt":"2019-11-25T19:32:43","guid":{"rendered":"https:\/\/rntl.ch\/?page_id=4557"},"modified":"2021-03-03T10:54:12","modified_gmt":"2021-03-03T09:54:12","slug":"ebike-mieten","status":"publish","type":"page","link":"https:\/\/rntl.ch\/bike\/ebike-mieten\/","title":{"rendered":"E-Bike mieten"},"content":{"rendered":"\n<h2 class=\"wp-block-heading\"><strong>E-Bikes online mieten: Im Sommer g\u00fcnstig die Schweiz entdecken!<\/strong><\/h2>\n\n\n\n<p class=\"has-medium-font-size\">Der ersten warmen Tage sind auch gleichzeitig der Startschuss f\u00fcr die lang ersehnte E-Bikesaison. Endlich heisst es wieder: Raus in die Natur! <\/p>\n\n\n\n<p class=\"has-medium-font-size\">Jetzt musst du nur noch dein E-Bike einfach und bequem online bei <a href=\"\/bike\/product-category\/ebike\/\">RNTL <\/a>by St\u00f6ckli Sport mieten und schon steht deinem Trip in die sch\u00f6ne Natur nichts mehr im Wege. <\/p>\n\n\n\n<p class=\"has-medium-font-size\">Egal ob auf den Rad- oder  Waldweg RNTL by St\u00f6ckli Sport wirst du schnell das richtige E-Bike mieten. Von uns erh\u00e4ltst du dein auf dich angepasstes E-Bike zur Miete.  <\/p>\n\n\n\n<p class=\"has-medium-font-size\">Bei uns kannst du E-Bikes f\u00fcr die Strasse, Trekking, und eMountainbikes mieten und einer unserer <a href=\"\/bike\/pickup-stations\/\">Pick-up Stationen<\/a> abholen. <\/p>\n\n\n\n\t\t<div id=\"intergeo_mapgzN\" class=\"intergeo_map_canvas\" style=\"width:100%;height:300px;width:100%;height:400px;\"><\/div>\n\t\t<script type=\"text\/javascript\">\n\t\t\t\/* <![CDATA[ *\/\n\t\t\tif (!window.intergeo_maps) window.intergeo_maps = [];\n\t\t\twindow.intergeo_maps.push( { container: 'intergeo_mapgzN', options: {\"lat\":47.30912216439600115336361341178417205810546875,\"lng\":8.2837289063006007694411891861818730831146240234375,\"zoom\":10,\"map\":{\"panControl\":false,\"mapTypeControl\":false,\"streetViewControl\":false,\"rotateControl\":false},\"styles\":{\"type\":\"-1\",\"custom\":[{\"elementType\":\"geometry\",\"stylers\":[{\"color\":\"#212121\"}]},{\"elementType\":\"labels.icon\",\"stylers\":[{\"visibility\":\"off\"}]},{\"elementType\":\"labels.text.fill\",\"stylers\":[{\"color\":\"#757575\"}]},{\"elementType\":\"labels.text.stroke\",\"stylers\":[{\"color\":\"#212121\"}]},{\"featureType\":\"administrative\",\"elementType\":\"geometry\",\"stylers\":[{\"color\":\"#757575\"}]},{\"featureType\":\"administrative.country\",\"elementType\":\"labels.text.fill\",\"stylers\":[{\"color\":\"#78D3C1\"}]},{\"featureType\":\"administrative.land_parcel\",\"stylers\":[{\"visibility\":\"off\"}]},{\"featureType\":\"administrative.locality\",\"elementType\":\"labels.text.fill\",\"stylers\":[{\"color\":\"#ffffff\"}]},{\"featureType\":\"poi\",\"elementType\":\"labels.text.fill\",\"stylers\":[{\"color\":\"#757575\"}]},{\"featureType\":\"poi.park\",\"elementType\":\"geometry\",\"stylers\":[{\"color\":\"#181818\"}]},{\"featureType\":\"poi.park\",\"elementType\":\"labels.text.fill\",\"stylers\":[{\"color\":\"#616161\"}]},{\"featureType\":\"poi.park\",\"elementType\":\"labels.text.stroke\",\"stylers\":[{\"color\":\"#1b1b1b\"}]},{\"featureType\":\"road\",\"elementType\":\"geometry.fill\",\"stylers\":[{\"color\":\"#2c2c2c\"}]},{\"featureType\":\"road\",\"elementType\":\"labels.text.fill\",\"stylers\":[{\"color\":\"#8a8a8a\"}]},{\"featureType\":\"road.arterial\",\"elementType\":\"geometry\",\"stylers\":[{\"color\":\"#057761\"}]},{\"featureType\":\"road.highway\",\"elementType\":\"geometry\",\"stylers\":[{\"color\":\"#09c8a4\"}]},{\"featureType\":\"road.highway.controlled_access\",\"elementType\":\"geometry\",\"stylers\":[{\"color\":\"#09c8a4\"}]},{\"featureType\":\"road.local\",\"elementType\":\"labels.text.fill\",\"stylers\":[{\"color\":\"#757575\"}]},{\"featureType\":\"transit\",\"elementType\":\"labels.text.fill\",\"stylers\":[{\"color\":\"#78D3C1\"}]},{\"featureType\":\"water\",\"elementType\":\"geometry\",\"stylers\":[{\"color\":\"#000000\"}]},{\"featureType\":\"water\",\"elementType\":\"labels.text.fill\",\"stylers\":[{\"color\":\"#3d3d3d\"}]}]},\"overlays\":{\"marker\":{\"0\":{\"position\":[\"47.303779\",\"8.314462\"],\"icon\":\"https:\\\/\\\/maps.google.com\\\/mapfiles\\\/ms\\\/icons\\\/green-dot.png\",\"info\":\"<p><strong>St\\u00f6ckli Sport AG<\\\/strong><br>Bahnhofstrasse 17, 5623 Boswil<\\\/p><p>Montag:<span style=\\\"white-space: pre;\\\">\\t<\\\/span>Offen (Dez. Jan. & Feb.)<br>Dienstag bis Freitag: 08:30-12:00 \\\/ 13:30-18:30 Uhr<br>Donnerstag: Abendverkauf bis 20:00 Uhr (Dez. Jan. & Feb.)<br>Samstag: 08.00-16.00 Uhr<\\\/p><p><a data-mce-href=\\\"https:\\\/\\\/www.stoecklisport.ch\\\" href=\\\"https:\\\/\\\/www.stoecklisport.ch\\\/\\\" data-mce-selected=\\\"inline-boundary\\\">https:\\\/\\\/www.stoecklisport.ch\\ufeff<\\\/a><\\\/p>\",\"title\":\"St\\u00f6ckli Sport AG\",\"loc\":\"St\\u00f6ckli Sport AG, Bahnhofstrasse 17, Boswil, AG, Switzerland\"},\"2\":{\"position\":[\"47.191684\",\"8.394504\"],\"icon\":\"https:\\\/\\\/maps.google.com\\\/mapfiles\\\/ms\\\/icons\\\/green-dot.png\",\"info\":\"<p><strong>Wey Bike + Ski<\\\/strong><br>Aarauerstrasse 5, 5643 Sins<\\\/p><p>Montag: geschlossen<br>Dienstag bis Freitag: 8.00 - 12.00, 13.30 - 18.30 Uhr<br>Samstag: 8.00 - 15.00 Uhr<\\\/p><p><a data-mce-href=\\\"https:\\\/\\\/www.weybikeski.ch\\\/\\\" href=\\\"https:\\\/\\\/www.weybikeski.ch\\\/\\\" data-mce-selected=\\\"inline-boundary\\\">https:\\\/\\\/www.weybikeski.ch\\\/\\ufeff<\\\/a><\\\/p>\",\"title\":\"Wey Bike + Ski\",\"loc\":\"Aarauerstrasse 5, 5643 Sins, Switzerland\"}}}} } );\n\t\t\tif (!window.intergeo_maps_current) window.intergeo_maps_current = null;\n\t\t\t\/* ]]> *\/\n\t\t<\/script>\n\t\t\n\n\n\n<p style=\"text-align:center\" class=\"has-small-font-size\"><p class=\"has-text-align-center has-small-font-size\"><a href=\"\/pickup-stations\">Mehr Details<\/a> zu den Pick-Up Stationen<\/p><\/p>\n\n\n\n<h2 class=\"wp-block-heading\"><strong>Warum ist E-Bike mieten besser als kaufen?<\/strong><\/h2>\n\n\n\n<p class=\"has-medium-font-size\">Bei RNTL hast du die M\u00f6glichkeit, jedes Jahr ein modernes E-Bike zu mieten. Wir haben renommierte Marken in unserem Programm und so kannst du dir sicher sein, immer ein perfekt gewartetes E-Bike in hervorragendem Zustand zu erhalten. <\/p>\n\n\n\n<p class=\"has-medium-font-size\">Auch preislich liegt die E-Bike Miete weit unter dem Preis einer kompletten hochwertigen E-Bike. Zudem findest du bei uns auch <a href=\"\/bike\/preise\/\">tolle Konditionen <\/a>sowohl f\u00fcr Kurzzeit- als auch Langzeitmieten. Dem Spass sind keine Grenzen gesetzt, von einer Woche bis hin zur gesamten Bikesaison kannst du die E-Bikes bei uns mieten.<\/p>\n\n\n\n<p class=\"has-medium-font-size\">Ein weiterer Pluspunkt ist auch, dass du dich nicht um die Wartung oder Pflege k\u00fcmmern musst. Das spart dir Geld, Zeit und geht nicht auf Kosten deiner Gesundheit, denn es ist sehr wichtig, die E-Bike regelm\u00e4ssig zu warten pr\u00fcfen zu lassen. Sicherheit wird bei uns grossgeschrieben!<\/p>\n\n\n\n<div style=\"height:21px\" aria-hidden=\"true\" class=\"wp-block-spacer\"><\/div>\n\n\n\n<p class=\"has-medium-font-size\">Bei einer E-Bike Miete hast du auch noch den Vorteil der Platzersparnis. Du kannst aufatmen, denn ausserhalb der Saison musst du ab sofort nicht mehr einen Stauraum f\u00fcr deine komplette Ausr\u00fcstung finden! Vor allem, wenn du in einer kleinen Wohnung lebst, fehlt es oft an Platz. Da du logischerweise nicht auf ein E-Bike verzichten m\u00f6chtest, ist es eine sehr praktische L\u00f6sung, das E-Bike zu mieten.<\/p>\n\n\n\n<p class=\"has-medium-font-size\">Falls du mit dem E-Biken beginnen willst und noch keins hast, ist die E-Bike Miete bei RNTL das Richtige f\u00fcr dich. Hier hast du als Anf\u00e4nger den Vorteil, in Ruhe ein E-Bike testen zu k\u00f6nnen, ohne viel Geld ausgeben zu m\u00fcssen. Einfach mieten und schon kannst du testen, ob dir E-Bike \u00fcberhaupt langfristig Spass macht, was wir nat\u00fcrlich sehr hoffen!<\/p>\n\n\n\n<p class=\"has-medium-font-size\">Miete also ganz einfach dein E-Bike <a href=\"\/bike\/product-category\/ebike\/\">online bei uns<\/a>. Falls du R\u00fcckfragen hast, sind wir f\u00fcr dich schnell und einfach per Mail oder telefonisch erreichbar.<\/p>\n\n\n\n<div class=\"wp-block-image\"><figure class=\"aligncenter is-resized\"><img loading=\"lazy\" decoding=\"async\" src=\"https:\/\/rntl.ch\/bike\/wp-content\/uploads\/sites\/2\/2019\/11\/RNTL_MIETEN_EINFACH_EINFACH_black.jpg\" alt=\"\" class=\"wp-image-4651\" width=\"385\" height=\"177\"\/><\/figure><\/div>\n","protected":false},"excerpt":{"rendered":"<p>E-Bikes online mieten: Im Sommer g\u00fcnstig die Schweiz entdecken! Der ersten warmen Tage sind auch gleichzeitig der Startschuss f\u00fcr die lang ersehnte E-Bikesaison. Endlich heisst es wieder: Raus in die Natur! Jetzt musst du nur noch dein E-Bike einfach und bequem online bei RNTL by St\u00f6ckli Sport mieten und schon steht deinem Trip in die [&hellip;]<\/p>\n","protected":false},"author":1,"featured_media":0,"parent":0,"menu_order":0,"comment_status":"closed","ping_status":"closed","template":"template-fullwidth.php","meta":{"footnotes":""},"class_list":["post-4557","page","type-page","status-publish","hentry"],"yoast_head":"<!-- This site is optimized with the Yoast SEO plugin v26.3 - https:\/\/yoast.com\/wordpress\/plugins\/seo\/ -->\n<title>Ski bequem und g\u00fcnstig von Top-Brands online mieten | RNTL<\/title>\n<meta name=\"description\" content=\"Ski g\u00fcnstig online mieten schon ab 99 CHF Saisonmiete. Wir bieten beste Preise und Top-Service inkl. Lieferservice und Pick-Up Stationen. Ab auf die Piste!\" \/>\n<meta name=\"robots\" content=\"index, follow, max-snippet:-1, max-image-preview:large, max-video-preview:-1\" \/>\n<link rel=\"canonical\" href=\"https:\/\/rntl.ch\/bike\/ebike-mieten\/\" \/>\n<meta property=\"og:locale\" content=\"de_DE\" \/>\n<meta property=\"og:type\" content=\"article\" \/>\n<meta property=\"og:title\" content=\"Ski bequem und g\u00fcnstig von Top-Brands online mieten | RNTL\" \/>\n<meta property=\"og:description\" content=\"Ski g\u00fcnstig online mieten schon ab 99 CHF Saisonmiete. Wir bieten beste Preise und Top-Service inkl. Lieferservice und Pick-Up Stationen. Ab auf die Piste!\" \/>\n<meta property=\"og:url\" content=\"https:\/\/rntl.ch\/bike\/ebike-mieten\/\" \/>\n<meta property=\"og:site_name\" content=\"RNTL Bike\" \/>\n<meta property=\"article:modified_time\" content=\"2021-03-03T09:54:12+00:00\" \/>\n<meta property=\"og:image\" content=\"https:\/\/rntl.ch\/bike\/wp-content\/uploads\/sites\/2\/2019\/11\/RNTL_MIETEN_EINFACH_EINFACH_black.jpg\" \/>\n<meta name=\"twitter:card\" content=\"summary_large_image\" \/>\n<meta name=\"twitter:label1\" content=\"Gesch\u00e4tzte Lesezeit\" \/>\n\t<meta name=\"twitter:data1\" content=\"2\u00a0Minuten\" \/>\n<script type=\"application\/ld+json\" class=\"yoast-schema-graph\">{\"@context\":\"https:\/\/schema.org\",\"@graph\":[{\"@type\":\"WebPage\",\"@id\":\"https:\/\/rntl.ch\/bike\/ebike-mieten\/\",\"url\":\"https:\/\/rntl.ch\/bike\/ebike-mieten\/\",\"name\":\"Ski bequem und g\u00fcnstig von Top-Brands online mieten | RNTL\",\"isPartOf\":{\"@id\":\"https:\/\/rntl.ch\/bike\/#website\"},\"primaryImageOfPage\":{\"@id\":\"https:\/\/rntl.ch\/bike\/ebike-mieten\/#primaryimage\"},\"image\":{\"@id\":\"https:\/\/rntl.ch\/bike\/ebike-mieten\/#primaryimage\"},\"thumbnailUrl\":\"https:\/\/rntl.ch\/bike\/wp-content\/uploads\/sites\/2\/2019\/11\/RNTL_MIETEN_EINFACH_EINFACH_black.jpg\",\"datePublished\":\"2019-11-25T19:32:43+00:00\",\"dateModified\":\"2021-03-03T09:54:12+00:00\",\"description\":\"Ski g\u00fcnstig online mieten schon ab 99 CHF Saisonmiete. Wir bieten beste Preise und Top-Service inkl. Lieferservice und Pick-Up Stationen. Ab auf die Piste!\",\"breadcrumb\":{\"@id\":\"https:\/\/rntl.ch\/bike\/ebike-mieten\/#breadcrumb\"},\"inLanguage\":\"de-CH\",\"potentialAction\":[{\"@type\":\"ReadAction\",\"target\":[\"https:\/\/rntl.ch\/bike\/ebike-mieten\/\"]}]},{\"@type\":\"ImageObject\",\"inLanguage\":\"de-CH\",\"@id\":\"https:\/\/rntl.ch\/bike\/ebike-mieten\/#primaryimage\",\"url\":\"https:\/\/rntl.ch\/bike\/wp-content\/uploads\/sites\/2\/2019\/11\/RNTL_MIETEN_EINFACH_EINFACH_black.jpg\",\"contentUrl\":\"https:\/\/rntl.ch\/bike\/wp-content\/uploads\/sites\/2\/2019\/11\/RNTL_MIETEN_EINFACH_EINFACH_black.jpg\"},{\"@type\":\"BreadcrumbList\",\"@id\":\"https:\/\/rntl.ch\/bike\/ebike-mieten\/#breadcrumb\",\"itemListElement\":[{\"@type\":\"ListItem\",\"position\":1,\"name\":\"Startseite\",\"item\":\"https:\/\/rntl.ch\/bike\/\"},{\"@type\":\"ListItem\",\"position\":2,\"name\":\"E-Bike mieten\"}]},{\"@type\":\"WebSite\",\"@id\":\"https:\/\/rntl.ch\/bike\/#website\",\"url\":\"https:\/\/rntl.ch\/bike\/\",\"name\":\"RNTL Bike\",\"description\":\"Mieten Einfach Anders\",\"publisher\":{\"@id\":\"https:\/\/rntl.ch\/bike\/#organization\"},\"potentialAction\":[{\"@type\":\"SearchAction\",\"target\":{\"@type\":\"EntryPoint\",\"urlTemplate\":\"https:\/\/rntl.ch\/bike\/?s={search_term_string}\"},\"query-input\":{\"@type\":\"PropertyValueSpecification\",\"valueRequired\":true,\"valueName\":\"search_term_string\"}}],\"inLanguage\":\"de-CH\"},{\"@type\":\"Organization\",\"@id\":\"https:\/\/rntl.ch\/bike\/#organization\",\"name\":\"RNTL Bike\",\"url\":\"https:\/\/rntl.ch\/bike\/\",\"logo\":{\"@type\":\"ImageObject\",\"inLanguage\":\"de-CH\",\"@id\":\"https:\/\/rntl.ch\/bike\/#\/schema\/logo\/image\/\",\"url\":\"https:\/\/rntl.ch\/bike\/wp-content\/uploads\/sites\/2\/2020\/11\/cropped-rntl_logo_white_530x150.png\",\"contentUrl\":\"https:\/\/rntl.ch\/bike\/wp-content\/uploads\/sites\/2\/2020\/11\/cropped-rntl_logo_white_530x150.png\",\"width\":530,\"height\":150,\"caption\":\"RNTL Bike\"},\"image\":{\"@id\":\"https:\/\/rntl.ch\/bike\/#\/schema\/logo\/image\/\"}}]}<\/script>\n<!-- \/ Yoast SEO plugin. -->","yoast_head_json":{"title":"Ski bequem und g\u00fcnstig von Top-Brands online mieten | RNTL","description":"Ski g\u00fcnstig online mieten schon ab 99 CHF Saisonmiete. Wir bieten beste Preise und Top-Service inkl. Lieferservice und Pick-Up Stationen. Ab auf die Piste!","robots":{"index":"index","follow":"follow","max-snippet":"max-snippet:-1","max-image-preview":"max-image-preview:large","max-video-preview":"max-video-preview:-1"},"canonical":"https:\/\/rntl.ch\/bike\/ebike-mieten\/","og_locale":"de_DE","og_type":"article","og_title":"Ski bequem und g\u00fcnstig von Top-Brands online mieten | RNTL","og_description":"Ski g\u00fcnstig online mieten schon ab 99 CHF Saisonmiete. Wir bieten beste Preise und Top-Service inkl. Lieferservice und Pick-Up Stationen. Ab auf die Piste!","og_url":"https:\/\/rntl.ch\/bike\/ebike-mieten\/","og_site_name":"RNTL Bike","article_modified_time":"2021-03-03T09:54:12+00:00","og_image":[{"url":"https:\/\/rntl.ch\/bike\/wp-content\/uploads\/sites\/2\/2019\/11\/RNTL_MIETEN_EINFACH_EINFACH_black.jpg","type":"","width":"","height":""}],"twitter_card":"summary_large_image","twitter_misc":{"Gesch\u00e4tzte Lesezeit":"2\u00a0Minuten"},"schema":{"@context":"https:\/\/schema.org","@graph":[{"@type":"WebPage","@id":"https:\/\/rntl.ch\/bike\/ebike-mieten\/","url":"https:\/\/rntl.ch\/bike\/ebike-mieten\/","name":"Ski bequem und g\u00fcnstig von Top-Brands online mieten | RNTL","isPartOf":{"@id":"https:\/\/rntl.ch\/bike\/#website"},"primaryImageOfPage":{"@id":"https:\/\/rntl.ch\/bike\/ebike-mieten\/#primaryimage"},"image":{"@id":"https:\/\/rntl.ch\/bike\/ebike-mieten\/#primaryimage"},"thumbnailUrl":"https:\/\/rntl.ch\/bike\/wp-content\/uploads\/sites\/2\/2019\/11\/RNTL_MIETEN_EINFACH_EINFACH_black.jpg","datePublished":"2019-11-25T19:32:43+00:00","dateModified":"2021-03-03T09:54:12+00:00","description":"Ski g\u00fcnstig online mieten schon ab 99 CHF Saisonmiete. Wir bieten beste Preise und Top-Service inkl. Lieferservice und Pick-Up Stationen. Ab auf die Piste!","breadcrumb":{"@id":"https:\/\/rntl.ch\/bike\/ebike-mieten\/#breadcrumb"},"inLanguage":"de-CH","potentialAction":[{"@type":"ReadAction","target":["https:\/\/rntl.ch\/bike\/ebike-mieten\/"]}]},{"@type":"ImageObject","inLanguage":"de-CH","@id":"https:\/\/rntl.ch\/bike\/ebike-mieten\/#primaryimage","url":"https:\/\/rntl.ch\/bike\/wp-content\/uploads\/sites\/2\/2019\/11\/RNTL_MIETEN_EINFACH_EINFACH_black.jpg","contentUrl":"https:\/\/rntl.ch\/bike\/wp-content\/uploads\/sites\/2\/2019\/11\/RNTL_MIETEN_EINFACH_EINFACH_black.jpg"},{"@type":"BreadcrumbList","@id":"https:\/\/rntl.ch\/bike\/ebike-mieten\/#breadcrumb","itemListElement":[{"@type":"ListItem","position":1,"name":"Startseite","item":"https:\/\/rntl.ch\/bike\/"},{"@type":"ListItem","position":2,"name":"E-Bike mieten"}]},{"@type":"WebSite","@id":"https:\/\/rntl.ch\/bike\/#website","url":"https:\/\/rntl.ch\/bike\/","name":"RNTL Bike","description":"Mieten Einfach Anders","publisher":{"@id":"https:\/\/rntl.ch\/bike\/#organization"},"potentialAction":[{"@type":"SearchAction","target":{"@type":"EntryPoint","urlTemplate":"https:\/\/rntl.ch\/bike\/?s={search_term_string}"},"query-input":{"@type":"PropertyValueSpecification","valueRequired":true,"valueName":"search_term_string"}}],"inLanguage":"de-CH"},{"@type":"Organization","@id":"https:\/\/rntl.ch\/bike\/#organization","name":"RNTL Bike","url":"https:\/\/rntl.ch\/bike\/","logo":{"@type":"ImageObject","inLanguage":"de-CH","@id":"https:\/\/rntl.ch\/bike\/#\/schema\/logo\/image\/","url":"https:\/\/rntl.ch\/bike\/wp-content\/uploads\/sites\/2\/2020\/11\/cropped-rntl_logo_white_530x150.png","contentUrl":"https:\/\/rntl.ch\/bike\/wp-content\/uploads\/sites\/2\/2020\/11\/cropped-rntl_logo_white_530x150.png","width":530,"height":150,"caption":"RNTL Bike"},"image":{"@id":"https:\/\/rntl.ch\/bike\/#\/schema\/logo\/image\/"}}]}},"_links":{"self":[{"href":"https:\/\/rntl.ch\/bike\/wp-json\/wp\/v2\/pages\/4557","targetHints":{"allow":["GET"]}}],"collection":[{"href":"https:\/\/rntl.ch\/bike\/wp-json\/wp\/v2\/pages"}],"about":[{"href":"https:\/\/rntl.ch\/bike\/wp-json\/wp\/v2\/types\/page"}],"author":[{"embeddable":true,"href":"https:\/\/rntl.ch\/bike\/wp-json\/wp\/v2\/users\/1"}],"replies":[{"embeddable":true,"href":"https:\/\/rntl.ch\/bike\/wp-json\/wp\/v2\/comments?post=4557"}],"version-history":[{"count":11,"href":"https:\/\/rntl.ch\/bike\/wp-json\/wp\/v2\/pages\/4557\/revisions"}],"predecessor-version":[{"id":18922,"href":"https:\/\/rntl.ch\/bike\/wp-json\/wp\/v2\/pages\/4557\/revisions\/18922"}],"wp:attachment":[{"href":"https:\/\/rntl.ch\/bike\/wp-json\/wp\/v2\/media?parent=4557"}],"curies":[{"name":"wp","href":"https:\/\/api.w.org\/{rel}","templated":true}]}}